{"id":1492,"date":"2020-12-14T18:43:11","date_gmt":"2020-12-14T17:43:11","guid":{"rendered":"http:\/\/concertrh.com\/index.php\/a-propos-de-nous-2\/elisabeth-grosse-consultante-en-organisation-du-travail-et-intervenante-en-prevention-des-risques-professionnels-2\/"},"modified":"2021-01-14T10:19:23","modified_gmt":"2021-01-14T09:19:23","slug":"christophe-rogier-medecin","status":"publish","type":"page","link":"https:\/\/concertrh.com\/index.php\/a-propos-de-nous-2\/christophe-rogier-medecin\/","title":{"rendered":"Christophe Rogier &#8211; M\u00e9decin"},"content":{"rendered":"\t\t<div data-elementor-type=\"wp-page\" data-elementor-id=\"1492\" class=\"elementor elementor-1492\">\n\t\t\t\t\t\t<div class=\"elementor-inner\">\n\t\t\t\t<div class=\"elementor-section-wrap\">\n\t\t\t\t\t\t\t\t\t<section class=\"elementor-section elementor-top-section elementor-element elementor-element-c695d87 elementor-section-boxed elementor-section-height-default elementor-section-height-default\" data-id=\"c695d87\" data-element_type=\"section\">\n\t\t\t\t\t\t<div class=\"elementor-container elementor-column-gap-default\">\n\t\t\t\t\t\t\t<div class=\"elementor-row\">\n\t\t\t\t\t\t\t\t\t<\/div>\n\t\t\t\t\t<\/div>\n\t\t<\/section>\n\t\t\t\t<section class=\"elementor-section elementor-top-section elementor-element elementor-element-2fcb216 elementor-section-boxed elementor-section-height-default elementor-section-height-default\" data-id=\"2fcb216\" data-element_type=\"section\">\n\t\t\t\t\t\t<div class=\"elementor-container elementor-column-gap-default\">\n\t\t\t\t\t\t\t<div class=\"elementor-row\">\n\t\t\t\t\t<div class=\"elementor-column elementor-col-33 elementor-top-column elementor-element elementor-element-fc7fbc3\" data-id=\"fc7fbc3\" data-element_type=\"column\">\n\t\t\t<div class=\"elementor-column-wrap elementor-element-populated\">\n\t\t\t\t\t\t\t<div class=\"elementor-widget-wrap\">\n\t\t\t\t\t\t<div class=\"elementor-element elementor-element-885479a elementor-widget elementor-widget-image\" data-id=\"885479a\" data-element_type=\"widget\" data-widget_type=\"image.default\">\n\t\t\t\t<div class=\"elementor-widget-container\">\n\t\t\t\t\t\t\t\t<div class=\"elementor-image\">\n\t\t\t\t\t\t\t\t\t\t\t\t<img src=\"https:\/\/concertrh.com\/wp-content\/uploads\/2021\/01\/Equipe-ConcertRH_ChristopheRogier.jpg\" title=\"Equipe-ConcertRH_ChristopheRogier\" alt=\"Equipe-ConcertRH_ChristopheRogier\" \/>\t\t\t\t\t\t\t\t\t\t\t\t\t\t<\/div>\n\t\t\t\t\t\t<\/div>\n\t\t\t\t<\/div>\n\t\t\t\t<div class=\"elementor-element elementor-element-0de24d9 elementor-widget elementor-widget-text-editor\" data-id=\"0de24d9\" data-element_type=\"widget\" data-widget_type=\"text-editor.default\">\n\t\t\t\t<div class=\"elementor-widget-container\">\n\t\t\t\t\t\t\t\t<div class=\"elementor-text-editor elementor-clearfix\">\n\t\t\t\t<p><span style=\"color: #ff6600;\"><strong>Expertises<\/strong><\/span><br \/>\u2022 Anticipation et gestion des crises sanitaires et de leurs impacts<br \/>\u2022 Pr\u00e9vention des risques professionnels et infectieux<br \/>\u2022 Analyse et conseil en sant\u00e9 au travail<br \/>\u2022 Renforcement des capacit\u00e9s individuelles et collectives<\/p><p><strong><span style=\"color: #ff6600;\">Formation<\/span><\/strong><br \/>\u2022 Parcours Copernic de formation de dirigeant -entrepreneur, Centre des Jeunes Dirigeants (2017-2019).<br \/>\u2022 Dipl\u00f4mes de l\u2019Institut Pasteur (1992, 1999, 2000 &amp; 2002)<br \/>\u2022 Docteur en sciences (PhD) en \u00e9pid\u00e9miologie et interventions en sant\u00e9 publique (1998)<br \/>\u2022 Docteur en m\u00e9decine (1988)<br \/>\u2022 DIU \u00ab Pratiques m\u00e9dicales en sant\u00e9 du travail \u00bb<\/p>\t\t\t\t\t<\/div>\n\t\t\t\t\t\t<\/div>\n\t\t\t\t<\/div>\n\t\t\t\t<div class=\"elementor-element elementor-element-d3eccbf elementor-widget elementor-widget-text-editor\" data-id=\"d3eccbf\" data-element_type=\"widget\" data-widget_type=\"text-editor.default\">\n\t\t\t\t<div class=\"elementor-widget-container\">\n\t\t\t\t\t\t\t\t<div class=\"elementor-text-editor elementor-clearfix\">\n\t\t\t\t<p style=\"text-align: center;\"><span style=\"color: #3366ff;\">Strat\u00e9gie &amp; innovation en sant\u00e9 au travail, pour une pr\u00e9vention plus efficace au service de la performance des entreprises et de la sant\u00e9 de ses membres.<\/span><\/p>\t\t\t\t\t<\/div>\n\t\t\t\t\t\t<\/div>\n\t\t\t\t<\/div>\n\t\t\t\t\t\t<\/div>\n\t\t\t\t\t<\/div>\n\t\t<\/div>\n\t\t\t\t<div class=\"elementor-column elementor-col-66 elementor-top-column elementor-element elementor-element-1a2d449\" data-id=\"1a2d449\" data-element_type=\"column\">\n\t\t\t<div class=\"elementor-column-wrap elementor-element-populated\">\n\t\t\t\t\t\t\t<div class=\"elementor-widget-wrap\">\n\t\t\t\t\t\t<div class=\"elementor-element elementor-element-7b26def elementor-widget elementor-widget-text-editor\" data-id=\"7b26def\" data-element_type=\"widget\" data-widget_type=\"text-editor.default\">\n\t\t\t\t<div class=\"elementor-widget-container\">\n\t\t\t\t\t\t\t\t<div class=\"elementor-text-editor elementor-clearfix\">\n\t\t\t\t<p><span style=\"color: #f85d41;\"><strong>Parcours<\/strong><\/span><\/p><p><strong><span style=\"color: #3366ff;\">Expert en pr\u00e9vention des risques professionnels ou infectieux &#8211; M\u00e9decine du travail (1996-2020)<\/span><\/strong><br \/>\u2022 Analyse des situations de travail et des risques professionnels, y compris des risques psycho-sociaux : \u00e9valuation de la sant\u00e9 au travail, diagnostics organisationnels et des pratiques, co-construction ou \u00e9laboration de politiques, de plans ou de mesures de pr\u00e9vention<br \/>\u2022 \u00c9valuation des risques infectieux, \u00e9laboration de politiques, plans ou mesures de lutte anti-infectieuse<br \/>\u2022 \u00c9valuation et am\u00e9lioration des interventions pr\u00e9ventives (\u00e9valuation efficacit\u00e9 &amp; efficience, analyse des d\u00e9terminants des pratiques et am\u00e9lioration des mises en \u0153uvre)<br \/>\u2022 Conseil aux dirigeants, managers et collaborateurs; Formation des acteurs de la pr\u00e9vention des risques professionnels ou infectieux<\/p><p><strong><span style=\"color: #3366ff;\">Direction centrale du service de sant\u00e9 des arm\u00e9es \u2013 Chef de division expertise et strat\u00e9gie sant\u00e9 du Minist\u00e8re de la D\u00e9fense (2015-2019)<\/span><\/strong><br \/>\u2022 Priorisation des probl\u00e8mes de sant\u00e9 li\u00e9s aux activit\u00e9s professionnelles, pilotage de l\u2019\u00e9laboration de politiques, plans et mesures de pr\u00e9vention et de prise en charge<br \/>\u2022 Conseil aux employeurs et management de l\u2019expertise en sant\u00e9<br \/>\u2022 Direction d\u2019une division d\u2019administration centrale et tutelle de l\u2019\u00e9tablissement en charge de l\u2019\u00e9pid\u00e9miologie et de la sant\u00e9 publique dans les arm\u00e9es (80 collaborateurs)<\/p><p><strong><span style=\"color: #3366ff;\">Directeur de l\u2019Institut Pasteur de Madagascar (2011-2015)<\/span><\/strong><br \/>\u2022 Direction g\u00e9n\u00e9rale et scientifique (500 collaborateurs, 8M\u20ac CA), d\u00e9finition et mise en \u0153uvre de la strat\u00e9gie, des politiques (dont RH, sociale et RSE) et de plans d\u2019action<br \/>\u2022 Pr\u00e9sidence du CHSCT, Responsable de la sant\u00e9 et s\u00e9curit\u00e9 au travail, Accompagnement manag\u00e9rial des chefs de service, Relation avec les \u00e9lus du personnel<\/p><p><strong><span style=\"color: #3366ff;\">Chercheur et directeur scientifique, Professeur agr\u00e9g\u00e9 (1989-2020)<\/span><\/strong><br \/>\u2022 Chercheur et directeur de d\u00e9partement de recherche pour la lutte contre les maladies infectieuses, \u00e9tude des comportements de pr\u00e9vention et de leurs d\u00e9terminants<br \/>\u2022 Professeur en charge de formations professionnelle et universitaire relatives \u00e0 la sant\u00e9 et \u00e0 la pr\u00e9vention; Professeur agr\u00e9g\u00e9 du Val-de-Gr\u00e2ce<\/p>\t\t\t\t\t<\/div>\n\t\t\t\t\t\t<\/div>\n\t\t\t\t<\/div>\n\t\t\t\t\t\t<\/div>\n\t\t\t\t\t<\/div>\n\t\t<\/div>\n\t\t\t\t\t\t\t\t<\/div>\n\t\t\t\t\t<\/div>\n\t\t<\/section>\n\t\t\t\t<section class=\"elementor-section elementor-top-section elementor-element elementor-element-4b151c2 elementor-section-boxed elementor-section-height-default elementor-section-height-default\" data-id=\"4b151c2\" data-element_type=\"section\">\n\t\t\t\t\t\t<div class=\"elementor-container elementor-column-gap-default\">\n\t\t\t\t\t\t\t<div class=\"elementor-row\">\n\t\t\t\t\t<div class=\"elementor-column elementor-col-100 elementor-top-column elementor-element elementor-element-0cc43cf\" data-id=\"0cc43cf\" data-element_type=\"column\">\n\t\t\t<div class=\"elementor-column-wrap\">\n\t\t\t\t\t\t\t<div class=\"elementor-widget-wrap\">\n\t\t\t\t\t\t\t\t<\/div>\n\t\t\t\t\t<\/div>\n\t\t<\/div>\n\t\t\t\t\t\t\t\t<\/div>\n\t\t\t\t\t<\/div>\n\t\t<\/section>\n\t\t\t\t\t\t\t\t\t<\/div>\n\t\t\t<\/div>\n\t\t\t\t\t<\/div>\n\t\t","protected":false},"excerpt":{"rendered":"<p>Expertises\u2022 Anticipation et gestion des crises sanitaires et de leurs impacts\u2022 Pr\u00e9vention des risques professionnels et infectieux\u2022 Analyse et conseil en sant\u00e9 au travail\u2022 Renforcement des capacit\u00e9s individuelles et collectives Formation\u2022 Parcours Copernic de formation de dirigeant -entrepreneur, Centre des Jeunes Dirigeants (2017-2019).\u2022 Dipl\u00f4mes de l\u2019Institut Pasteur (1992, 1999, 2000 &amp; 2002)\u2022 Docteur en sciences [&hellip;]<\/p>\n","protected":false},"author":1,"featured_media":0,"parent":214,"menu_order":2,"comment_status":"closed","ping_status":"closed","template":"","meta":[],"_links":{"self":[{"href":"https:\/\/concertrh.com\/index.php\/wp-json\/wp\/v2\/pages\/1492"}],"collection":[{"href":"https:\/\/concertrh.com\/index.php\/wp-json\/wp\/v2\/pages"}],"about":[{"href":"https:\/\/concertrh.com\/index.php\/wp-json\/wp\/v2\/types\/page"}],"author":[{"embeddable":true,"href":"https:\/\/concertrh.com\/index.php\/wp-json\/wp\/v2\/users\/1"}],"replies":[{"embeddable":true,"href":"https:\/\/concertrh.com\/index.php\/wp-json\/wp\/v2\/comments?post=1492"}],"version-history":[{"count":22,"href":"https:\/\/concertrh.com\/index.php\/wp-json\/wp\/v2\/pages\/1492\/revisions"}],"predecessor-version":[{"id":2057,"href":"https:\/\/concertrh.com\/index.php\/wp-json\/wp\/v2\/pages\/1492\/revisions\/2057"}],"up":[{"embeddable":true,"href":"https:\/\/concertrh.com\/index.php\/wp-json\/wp\/v2\/pages\/214"}],"wp:attachment":[{"href":"https:\/\/concertrh.com\/index.php\/wp-json\/wp\/v2\/media?parent=1492"}],"curies":[{"name":"wp","href":"https:\/\/api.w.org\/{rel}","templated":true}]}}